{"id":11508,"date":"2020-11-04T20:15:55","date_gmt":"2020-11-04T18:15:55","guid":{"rendered":"https:\/\/www.libriparlanti.org\/?post_type=product&#038;p=11508"},"modified":"2020-11-04T20:15:55","modified_gmt":"2020-11-04T18:15:55","slug":"una-storia-al-giorno-con-peter-coniglio","status":"publish","type":"product","link":"https:\/\/www.libriparlanti.org\/index.php\/prodotto\/una-storia-al-giorno-con-peter-coniglio\/","title":{"rendered":"UNA STORIA AL GIORNO CON PETER CONIGLIO"},"content":{"rendered":"<p>Peter Rabbit non vede l&#8217;ora che arrivi Natale, \u00e8 cos\u00ec emozionato! Ci sono alberi da decorare, dolcetti da cucinare e regali da inventare e confezionare&#8230; Per Peter e le sue sorelline Natale \u00e8 proprio il momento pi\u00f9 bello dell&#8217;anno! Un calendario dell&#8217;Avvento fatto di storie e sorprese: tante attivit\u00e0 semplici e divertenti per trascorrere ore piene di dolcezza. Et\u00e0 di lettura: da 3 anni.<\/p>\n<div id=\"attachment_11509\" style=\"width: 207px\" class=\"wp-caption alignnone\"><a href=\"https:\/\/www.libriparlanti.org\/wp-content\/uploads\/2020\/11\/9788804731719_0_230_350_0.jpg\"><img loading=\"lazy\" decoding=\"async\" aria-describedby=\"caption-attachment-11509\" class=\"size-medium wp-image-11509\" src=\"https:\/\/www.libriparlanti.org\/wp-content\/uploads\/2020\/11\/9788804731719_0_230_350_0-197x300.jpg\" alt=\"\" width=\"197\" height=\"300\" srcset=\"https:\/\/www.libriparlanti.org\/wp-content\/uploads\/2020\/11\/9788804731719_0_230_350_0-197x300.jpg 197w, https:\/\/www.libriparlanti.org\/wp-content\/uploads\/2020\/11\/9788804731719_0_230_350_0.jpg 230w\" sizes=\"(max-width: 197px) 100vw, 197px\" \/><\/a><p id=\"caption-attachment-11509\" class=\"wp-caption-text\">UNA STORIA AL GIORNO CON PETER CONIGLIO<\/p><\/div>\n<p>Peter Rabbit non vede l&#8217;ora che arrivi Natale, \u00e8 cos\u00ec emozionato! Ci sono alberi da decorare, dolcetti da cucinare e regali da inventare e confezionare&#8230; Per Peter e le sue sorelline Natale \u00e8 proprio il momento pi\u00f9 bello dell&#8217;anno! Un calendario dell&#8217;Avvento fatto di storie e sorprese: tante attivit\u00e0 semplici e divertenti per trascorrere ore piene di dolcezza. Et\u00e0 di lettura: da 3 anni.<\/p>\n","protected":false},"excerpt":{"rendered":"<p>Peter Rabbit non vede l&#8217;ora che arrivi Natale, \u00e8 cos\u00ec emozionato! Ci sono alberi da decorare, dolcetti da cucinare e regali da inventare e confezionare&#8230; Per Peter e le sue sorelline Natale \u00e8 proprio il momento pi\u00f9 bello dell&#8217;anno! Un calendario dell&#8217;Avvento fatto di storie e sorprese: tante attivit\u00e0 semplici e divertenti per trascorrere ore piene di dolcezza. Et\u00e0 di lettura: da 3 anni.<\/p>\n<div id=\"attachment_11509\" style=\"width: 207px\" class=\"wp-caption alignnone\"><a href=\"https:\/\/www.libriparlanti.org\/wp-content\/uploads\/2020\/11\/9788804731719_0_230_350_0.jpg\"><img loading=\"lazy\" decoding=\"async\" aria-describedby=\"caption-attachment-11509\" class=\"size-medium wp-image-11509\" src=\"https:\/\/www.libriparlanti.org\/wp-content\/uploads\/2020\/11\/9788804731719_0_230_350_0-197x300.jpg\" alt=\"PETER CONIGLIO ADDOBBA ALBERO DI NATALE \" width=\"197\" height=\"300\" srcset=\"https:\/\/www.libriparlanti.org\/wp-content\/uploads\/2020\/11\/9788804731719_0_230_350_0-197x300.jpg 197w, https:\/\/www.libriparlanti.org\/wp-content\/uploads\/2020\/11\/9788804731719_0_230_350_0.jpg 230w\" sizes=\"(max-width: 197px) 100vw, 197px\" \/><\/a><p id=\"caption-attachment-11509\" class=\"wp-caption-text\">UNA STORIA AL GIORNO CON PETER CONIGLIO<\/p><\/div>\n<p>Peter Rabbit non vede l&#8217;ora che arrivi Natale, \u00e8 cos\u00ec emozionato! Ci sono alberi da decorare, dolcetti da cucinare e regali da inventare e confezionare&#8230; Per Peter e le sue sorelline Natale \u00e8 proprio il momento pi\u00f9 bello dell&#8217;anno! Un calendario dell&#8217;Avvento fatto di storie e sorprese: tante attivit\u00e0 semplici e divertenti per trascorrere ore piene di dolcezza. Et\u00e0 di lettura: da 3 anni.<\/p>\n<div id=\"attachment_11509\" style=\"width: 207px\" class=\"wp-caption alignnone\"><a href=\"https:\/\/www.libriparlanti.org\/wp-content\/uploads\/2020\/11\/9788804731719_0_230_350_0.jpg\"><img loading=\"lazy\" decoding=\"async\" aria-describedby=\"caption-attachment-11509\" class=\"size-medium wp-image-11509\" src=\"https:\/\/www.libriparlanti.org\/wp-content\/uploads\/2020\/11\/9788804731719_0_230_350_0-197x300.jpg\" alt=\"PETER CONIGLIO ADDOBBA ALBERO DI NATALE \" width=\"197\" height=\"300\" srcset=\"https:\/\/www.libriparlanti.org\/wp-content\/uploads\/2020\/11\/9788804731719_0_230_350_0-197x300.jpg 197w, https:\/\/www.libriparlanti.org\/wp-content\/uploads\/2020\/11\/9788804731719_0_230_350_0.jpg 230w\" sizes=\"(max-width: 197px) 100vw, 197px\" \/><\/a><p id=\"caption-attachment-11509\" class=\"wp-caption-text\">UNA STORIA AL GIORNO CON PETER CONIGLIO<\/p><\/div>\n","protected":false},"featured_media":11509,"comment_status":"open","ping_status":"closed","template":"","meta":{"_et_pb_use_builder":"","_et_pb_old_content":"","_et_gb_content_width":"","_joinchat":[]},"product_brand":[],"product_cat":[1740,1733],"product_tag":[1911,1910,1909],"class_list":{"0":"post-11508","1":"product","2":"type-product","3":"status-publish","4":"has-post-thumbnail","6":"product_cat-albo-illustrato","7":"product_cat-ragazzi","8":"product_tag-beatrix-potter","9":"product_tag-natale","10":"product_tag-peter-coniglio","12":"first","13":"instock","14":"taxable","15":"shipping-taxable","16":"purchasable","17":"product-type-simple"},"yoast_head":"<!-- This site is optimized with the Yoast SEO plugin v27.5 - https:\/\/yoast.com\/product\/yoast-seo-wordpress\/ -->\n<title>UNA STORIA AL GIORNO CON PETER CONIGLIO - Libreria Libri parlanti<\/title>\n<meta name=\"robots\" content=\"index, follow, max-snippet:-1, max-image-preview:large, max-video-preview:-1\" \/>\n<link rel=\"canonical\" href=\"https:\/\/www.libriparlanti.org\/index.php\/prodotto\/una-storia-al-giorno-con-peter-coniglio\/\" \/>\n<meta property=\"og:locale\" content=\"it_IT\" \/>\n<meta property=\"og:type\" content=\"article\" \/>\n<meta property=\"og:title\" content=\"UNA STORIA AL GIORNO CON PETER CONIGLIO - Libreria Libri parlanti\" \/>\n<meta property=\"og:description\" content=\"Peter Rabbit non vede l&#039;ora che arrivi Natale, \u00e8 cos\u00ec emozionato! Ci sono alberi da decorare, dolcetti da cucinare e regali da inventare e confezionare... Per Peter e le sue sorelline Natale \u00e8 proprio il momento pi\u00f9 bello dell&#039;anno! Un calendario dell&#039;Avvento fatto di storie e sorprese: tante attivit\u00e0 semplici e divertenti per trascorrere ore piene di dolcezza. Et\u00e0 di lettura: da 3 anni.    Peter Rabbit non vede l&#039;ora che arrivi Natale, \u00e8 cos\u00ec emozionato! Ci sono alberi da decorare, dolcetti da cucinare e regali da inventare e confezionare... Per Peter e le sue sorelline Natale \u00e8 proprio il momento pi\u00f9 bello dell&#039;anno! Un calendario dell&#039;Avvento fatto di storie e sorprese: tante attivit\u00e0 semplici e divertenti per trascorrere ore piene di dolcezza. Et\u00e0 di lettura: da 3 anni.\" \/>\n<meta property=\"og:url\" content=\"https:\/\/www.libriparlanti.org\/index.php\/prodotto\/una-storia-al-giorno-con-peter-coniglio\/\" \/>\n<meta property=\"og:site_name\" content=\"Libreria Libri parlanti\" \/>\n<meta property=\"article:publisher\" content=\"https:\/\/www.facebook.com\/LibriParlanti\" \/>\n<meta property=\"og:image\" content=\"https:\/\/www.libriparlanti.org\/wp-content\/uploads\/2020\/11\/9788804731719_0_230_350_0.jpg\" \/>\n\t<meta property=\"og:image:width\" content=\"230\" \/>\n\t<meta property=\"og:image:height\" content=\"350\" \/>\n\t<meta property=\"og:image:type\" content=\"image\/jpeg\" \/>\n<meta name=\"twitter:card\" content=\"summary_large_image\" \/>\n<meta name=\"twitter:label1\" content=\"Tempo di lettura stimato\" \/>\n\t<meta name=\"twitter:data1\" content=\"1 minuto\" \/>\n<script type=\"application\/ld+json\" class=\"yoast-schema-graph\">{\"@context\":\"https:\\\/\\\/schema.org\",\"@graph\":[{\"@type\":\"WebPage\",\"@id\":\"https:\\\/\\\/www.libriparlanti.org\\\/index.php\\\/prodotto\\\/una-storia-al-giorno-con-peter-coniglio\\\/\",\"url\":\"https:\\\/\\\/www.libriparlanti.org\\\/index.php\\\/prodotto\\\/una-storia-al-giorno-con-peter-coniglio\\\/\",\"name\":\"UNA STORIA AL GIORNO CON PETER CONIGLIO - Libreria Libri parlanti\",\"isPartOf\":{\"@id\":\"https:\\\/\\\/www.libriparlanti.org\\\/#website\"},\"primaryImageOfPage\":{\"@id\":\"https:\\\/\\\/www.libriparlanti.org\\\/index.php\\\/prodotto\\\/una-storia-al-giorno-con-peter-coniglio\\\/#primaryimage\"},\"image\":{\"@id\":\"https:\\\/\\\/www.libriparlanti.org\\\/index.php\\\/prodotto\\\/una-storia-al-giorno-con-peter-coniglio\\\/#primaryimage\"},\"thumbnailUrl\":\"https:\\\/\\\/www.libriparlanti.org\\\/wp-content\\\/uploads\\\/2020\\\/11\\\/9788804731719_0_230_350_0.jpg\",\"datePublished\":\"2020-11-04T18:15:55+00:00\",\"breadcrumb\":{\"@id\":\"https:\\\/\\\/www.libriparlanti.org\\\/index.php\\\/prodotto\\\/una-storia-al-giorno-con-peter-coniglio\\\/#breadcrumb\"},\"inLanguage\":\"it-IT\",\"potentialAction\":[{\"@type\":\"ReadAction\",\"target\":[\"https:\\\/\\\/www.libriparlanti.org\\\/index.php\\\/prodotto\\\/una-storia-al-giorno-con-peter-coniglio\\\/\"]}]},{\"@type\":\"ImageObject\",\"inLanguage\":\"it-IT\",\"@id\":\"https:\\\/\\\/www.libriparlanti.org\\\/index.php\\\/prodotto\\\/una-storia-al-giorno-con-peter-coniglio\\\/#primaryimage\",\"url\":\"https:\\\/\\\/www.libriparlanti.org\\\/wp-content\\\/uploads\\\/2020\\\/11\\\/9788804731719_0_230_350_0.jpg\",\"contentUrl\":\"https:\\\/\\\/www.libriparlanti.org\\\/wp-content\\\/uploads\\\/2020\\\/11\\\/9788804731719_0_230_350_0.jpg\",\"width\":230,\"height\":350,\"caption\":\"UNA STORIA AL GIORNO CON PETER CONIGLIO\"},{\"@type\":\"BreadcrumbList\",\"@id\":\"https:\\\/\\\/www.libriparlanti.org\\\/index.php\\\/prodotto\\\/una-storia-al-giorno-con-peter-coniglio\\\/#breadcrumb\",\"itemListElement\":[{\"@type\":\"ListItem\",\"position\":1,\"name\":\"Home\",\"item\":\"https:\\\/\\\/www.libriparlanti.org\\\/\"},{\"@type\":\"ListItem\",\"position\":2,\"name\":\"Shop\",\"item\":\"https:\\\/\\\/www.libriparlanti.org\\\/index.php\\\/negozio\\\/\"},{\"@type\":\"ListItem\",\"position\":3,\"name\":\"UNA STORIA AL GIORNO CON PETER CONIGLIO\"}]},{\"@type\":\"WebSite\",\"@id\":\"https:\\\/\\\/www.libriparlanti.org\\\/#website\",\"url\":\"https:\\\/\\\/www.libriparlanti.org\\\/\",\"name\":\"Libreria Libri parlanti\",\"description\":\"Libreria in Castiglione del Lago (Pg)\",\"potentialAction\":[{\"@type\":\"SearchAction\",\"target\":{\"@type\":\"EntryPoint\",\"urlTemplate\":\"https:\\\/\\\/www.libriparlanti.org\\\/?s={search_term_string}\"},\"query-input\":{\"@type\":\"PropertyValueSpecification\",\"valueRequired\":true,\"valueName\":\"search_term_string\"}}],\"inLanguage\":\"it-IT\"}]}<\/script>\n<!-- \/ Yoast SEO plugin. -->","yoast_head_json":{"title":"UNA STORIA AL GIORNO CON PETER CONIGLIO - Libreria Libri parlanti","robots":{"index":"index","follow":"follow","max-snippet":"max-snippet:-1","max-image-preview":"max-image-preview:large","max-video-preview":"max-video-preview:-1"},"canonical":"https:\/\/www.libriparlanti.org\/index.php\/prodotto\/una-storia-al-giorno-con-peter-coniglio\/","og_locale":"it_IT","og_type":"article","og_title":"UNA STORIA AL GIORNO CON PETER CONIGLIO - Libreria Libri parlanti","og_description":"Peter Rabbit non vede l'ora che arrivi Natale, \u00e8 cos\u00ec emozionato! Ci sono alberi da decorare, dolcetti da cucinare e regali da inventare e confezionare... Per Peter e le sue sorelline Natale \u00e8 proprio il momento pi\u00f9 bello dell'anno! Un calendario dell'Avvento fatto di storie e sorprese: tante attivit\u00e0 semplici e divertenti per trascorrere ore piene di dolcezza. Et\u00e0 di lettura: da 3 anni.    Peter Rabbit non vede l'ora che arrivi Natale, \u00e8 cos\u00ec emozionato! Ci sono alberi da decorare, dolcetti da cucinare e regali da inventare e confezionare... Per Peter e le sue sorelline Natale \u00e8 proprio il momento pi\u00f9 bello dell'anno! Un calendario dell'Avvento fatto di storie e sorprese: tante attivit\u00e0 semplici e divertenti per trascorrere ore piene di dolcezza. Et\u00e0 di lettura: da 3 anni.","og_url":"https:\/\/www.libriparlanti.org\/index.php\/prodotto\/una-storia-al-giorno-con-peter-coniglio\/","og_site_name":"Libreria Libri parlanti","article_publisher":"https:\/\/www.facebook.com\/LibriParlanti","og_image":[{"width":230,"height":350,"url":"https:\/\/www.libriparlanti.org\/wp-content\/uploads\/2020\/11\/9788804731719_0_230_350_0.jpg","type":"image\/jpeg"}],"twitter_card":"summary_large_image","twitter_misc":{"Tempo di lettura stimato":"1 minuto"},"schema":{"@context":"https:\/\/schema.org","@graph":[{"@type":"WebPage","@id":"https:\/\/www.libriparlanti.org\/index.php\/prodotto\/una-storia-al-giorno-con-peter-coniglio\/","url":"https:\/\/www.libriparlanti.org\/index.php\/prodotto\/una-storia-al-giorno-con-peter-coniglio\/","name":"UNA STORIA AL GIORNO CON PETER CONIGLIO - Libreria Libri parlanti","isPartOf":{"@id":"https:\/\/www.libriparlanti.org\/#website"},"primaryImageOfPage":{"@id":"https:\/\/www.libriparlanti.org\/index.php\/prodotto\/una-storia-al-giorno-con-peter-coniglio\/#primaryimage"},"image":{"@id":"https:\/\/www.libriparlanti.org\/index.php\/prodotto\/una-storia-al-giorno-con-peter-coniglio\/#primaryimage"},"thumbnailUrl":"https:\/\/www.libriparlanti.org\/wp-content\/uploads\/2020\/11\/9788804731719_0_230_350_0.jpg","datePublished":"2020-11-04T18:15:55+00:00","breadcrumb":{"@id":"https:\/\/www.libriparlanti.org\/index.php\/prodotto\/una-storia-al-giorno-con-peter-coniglio\/#breadcrumb"},"inLanguage":"it-IT","potentialAction":[{"@type":"ReadAction","target":["https:\/\/www.libriparlanti.org\/index.php\/prodotto\/una-storia-al-giorno-con-peter-coniglio\/"]}]},{"@type":"ImageObject","inLanguage":"it-IT","@id":"https:\/\/www.libriparlanti.org\/index.php\/prodotto\/una-storia-al-giorno-con-peter-coniglio\/#primaryimage","url":"https:\/\/www.libriparlanti.org\/wp-content\/uploads\/2020\/11\/9788804731719_0_230_350_0.jpg","contentUrl":"https:\/\/www.libriparlanti.org\/wp-content\/uploads\/2020\/11\/9788804731719_0_230_350_0.jpg","width":230,"height":350,"caption":"UNA STORIA AL GIORNO CON PETER CONIGLIO"},{"@type":"BreadcrumbList","@id":"https:\/\/www.libriparlanti.org\/index.php\/prodotto\/una-storia-al-giorno-con-peter-coniglio\/#breadcrumb","itemListElement":[{"@type":"ListItem","position":1,"name":"Home","item":"https:\/\/www.libriparlanti.org\/"},{"@type":"ListItem","position":2,"name":"Shop","item":"https:\/\/www.libriparlanti.org\/index.php\/negozio\/"},{"@type":"ListItem","position":3,"name":"UNA STORIA AL GIORNO CON PETER CONIGLIO"}]},{"@type":"WebSite","@id":"https:\/\/www.libriparlanti.org\/#website","url":"https:\/\/www.libriparlanti.org\/","name":"Libreria Libri parlanti","description":"Libreria in Castiglione del Lago (Pg)","potentialAction":[{"@type":"SearchAction","target":{"@type":"EntryPoint","urlTemplate":"https:\/\/www.libriparlanti.org\/?s={search_term_string}"},"query-input":{"@type":"PropertyValueSpecification","valueRequired":true,"valueName":"search_term_string"}}],"inLanguage":"it-IT"}]}},"_links":{"self":[{"href":"https:\/\/www.libriparlanti.org\/index.php\/wp-json\/wp\/v2\/product\/11508","targetHints":{"allow":["GET"]}}],"collection":[{"href":"https:\/\/www.libriparlanti.org\/index.php\/wp-json\/wp\/v2\/product"}],"about":[{"href":"https:\/\/www.libriparlanti.org\/index.php\/wp-json\/wp\/v2\/types\/product"}],"replies":[{"embeddable":true,"href":"https:\/\/www.libriparlanti.org\/index.php\/wp-json\/wp\/v2\/comments?post=11508"}],"wp:featuredmedia":[{"embeddable":true,"href":"https:\/\/www.libriparlanti.org\/index.php\/wp-json\/wp\/v2\/media\/11509"}],"wp:attachment":[{"href":"https:\/\/www.libriparlanti.org\/index.php\/wp-json\/wp\/v2\/media?parent=11508"}],"wp:term":[{"taxonomy":"product_brand","embeddable":true,"href":"https:\/\/www.libriparlanti.org\/index.php\/wp-json\/wp\/v2\/product_brand?post=11508"},{"taxonomy":"product_cat","embeddable":true,"href":"https:\/\/www.libriparlanti.org\/index.php\/wp-json\/wp\/v2\/product_cat?post=11508"},{"taxonomy":"product_tag","embeddable":true,"href":"https:\/\/www.libriparlanti.org\/index.php\/wp-json\/wp\/v2\/product_tag?post=11508"}],"curies":[{"name":"wp","href":"https:\/\/api.w.org\/{rel}","templated":true}]}}