{"id":11337,"date":"2020-10-24T18:12:15","date_gmt":"2020-10-24T16:12:15","guid":{"rendered":"https:\/\/www.libriparlanti.org\/?post_type=product&#038;p=11337"},"modified":"2020-10-25T09:10:42","modified_gmt":"2020-10-25T07:10:42","slug":"gli-ultimi-giorni-di-quiete","status":"publish","type":"product","link":"https:\/\/www.libriparlanti.org\/index.php\/prodotto\/gli-ultimi-giorni-di-quiete\/","title":{"rendered":"GLI ULTIMI GIORNI DI QUIETE"},"content":{"rendered":"<p><a href=\"https:\/\/www.libriparlanti.org\/wp-content\/uploads\/2020\/10\/12172-3.jpg\"><img loading=\"lazy\" decoding=\"async\" class=\"alignnone size-medium wp-image-11338\" src=\"https:\/\/www.libriparlanti.org\/wp-content\/uploads\/2020\/10\/12172-3-215x300.jpg\" alt=\"\" width=\"215\" height=\"300\" srcset=\"https:\/\/www.libriparlanti.org\/wp-content\/uploads\/2020\/10\/12172-3-215x300.jpg 215w, https:\/\/www.libriparlanti.org\/wp-content\/uploads\/2020\/10\/12172-3.jpg 224w\" sizes=\"(max-width: 215px) 100vw, 215px\" \/><\/a><\/p>\n","protected":false},"excerpt":{"rendered":"<p><a href=\"https:\/\/www.libriparlanti.org\/wp-content\/uploads\/2020\/10\/12172-3-2.jpg\"><img loading=\"lazy\" decoding=\"async\" class=\"alignnone size-medium wp-image-11340\" src=\"https:\/\/www.libriparlanti.org\/wp-content\/uploads\/2020\/10\/12172-3-2-215x300.jpg\" alt=\"\" width=\"215\" height=\"300\" srcset=\"https:\/\/www.libriparlanti.org\/wp-content\/uploads\/2020\/10\/12172-3-2-215x300.jpg 215w, https:\/\/www.libriparlanti.org\/wp-content\/uploads\/2020\/10\/12172-3-2.jpg 224w\" sizes=\"(max-width: 215px) 100vw, 215px\" \/><\/a><\/p>\n","protected":false},"featured_media":11340,"comment_status":"open","ping_status":"closed","template":"","meta":{"_et_pb_use_builder":"","_et_pb_old_content":"","_et_gb_content_width":"","_joinchat":[]},"product_brand":[],"product_cat":[1737],"product_tag":[1794,1795],"class_list":{"0":"post-11337","1":"product","2":"type-product","3":"status-publish","4":"has-post-thumbnail","6":"product_cat-gialli-thriller","7":"product_tag-manzini","8":"product_tag-sellerio","10":"first","11":"instock","12":"taxable","13":"shipping-taxable","14":"purchasable","15":"product-type-simple"},"yoast_head":"<!-- This site is optimized with the Yoast SEO plugin v27.5 - https:\/\/yoast.com\/product\/yoast-seo-wordpress\/ -->\n<title>GLI ULTIMI GIORNI DI QUIETE - Libreria Libri parlanti<\/title>\n<meta name=\"description\" content=\"Una mattina qualunque, per caso, Nora riconosce un volto in treno. \u00c8 la persona che le ha distrutto la vita. Lei e il marito Pasquale sono i proprietari a Pescara di una avviata tabaccheria. E proprio in questa sei anni prima nel corso di una rapina un ladro ha ucciso il loro unico figlio Corrado. Nora non pu\u00f2 credere che il carnefice di un ragazzo innocente - del loro ragazzo innocente! - possa essere libero dopo cos\u00ec poco tempo. Non pu\u00f2 credere che la vita di suo figlio valga tanto poco. Ma \u00e8 cos\u00ec, tra la condanna per un omicidio preterintenzionale e i benefici carcerari. Da questo momento Nora e Pasquale non riescono a continuare a vivere senza ottenere una loro giustizia riparatrice. Il marito cerca la via pi\u00f9 breve e immediata. Nora, invece, dopo una difficile ricerca per stanare l&#039;uomo, elabora un piano pi\u00f9 raffinato. Paolo Dainese, per\u00f2, l&#039;omicida, si \u00e8 sforzato per rifarsi una vita e, annaspando, sta riuscendo a rimettersi a galla. Da anni Antonio Manzini aveva in mente questa storia, tratta da un fatto vero. E ha voluto scrivere non un romanzo a tesi, ma un romanzo psicologico su tre anime e su come esse reagiscono di fronte a un&#039;alternativa morale priva di una risposta sicura. E leggendo queste pagine si resta disorientati, non solo perch\u00e9 l&#039;autore ha scritto una storia diversa dalle sue trame che ci sono pi\u00f9 famigliari, ma soprattutto perch\u00e9 \u00e8 riuscito a raccontare, dentro gli intrecci propri di chi \u00e8 maestro di storie, l&#039;impossibilit\u00e0 di farsi un giudizio netto. Impossibilit\u00e0 di chi legge, e di chi scrive; Ma anche dei personaggi che vivono la vicenda. Questi possono scegliere (e le loro scelte sono diverse) ma perch\u00e9 costretti a farlo, cos\u00ec come la vita costringe. Questa specie di cortocircuito, tra ragione e vita, \u00e8 il dubbio etico che Manzini esplora in tutto il suo spazio\" \/>\n<meta name=\"robots\" content=\"index, follow, max-snippet:-1, max-image-preview:large, max-video-preview:-1\" \/>\n<link rel=\"canonical\" href=\"https:\/\/www.libriparlanti.org\/index.php\/prodotto\/gli-ultimi-giorni-di-quiete\/\" \/>\n<meta property=\"og:locale\" content=\"it_IT\" \/>\n<meta property=\"og:type\" content=\"article\" \/>\n<meta property=\"og:title\" content=\"GLI ULTIMI GIORNI DI QUIETE - Libreria Libri parlanti\" \/>\n<meta property=\"og:description\" content=\"Una mattina qualunque, per caso, Nora riconosce un volto in treno. \u00c8 la persona che le ha distrutto la vita. Lei e il marito Pasquale sono i proprietari a Pescara di una avviata tabaccheria. E proprio in questa sei anni prima nel corso di una rapina un ladro ha ucciso il loro unico figlio Corrado. Nora non pu\u00f2 credere che il carnefice di un ragazzo innocente - del loro ragazzo innocente! - possa essere libero dopo cos\u00ec poco tempo. Non pu\u00f2 credere che la vita di suo figlio valga tanto poco. Ma \u00e8 cos\u00ec, tra la condanna per un omicidio preterintenzionale e i benefici carcerari. Da questo momento Nora e Pasquale non riescono a continuare a vivere senza ottenere una loro giustizia riparatrice. Il marito cerca la via pi\u00f9 breve e immediata. Nora, invece, dopo una difficile ricerca per stanare l&#039;uomo, elabora un piano pi\u00f9 raffinato. Paolo Dainese, per\u00f2, l&#039;omicida, si \u00e8 sforzato per rifarsi una vita e, annaspando, sta riuscendo a rimettersi a galla. Da anni Antonio Manzini aveva in mente questa storia, tratta da un fatto vero. E ha voluto scrivere non un romanzo a tesi, ma un romanzo psicologico su tre anime e su come esse reagiscono di fronte a un&#039;alternativa morale priva di una risposta sicura. E leggendo queste pagine si resta disorientati, non solo perch\u00e9 l&#039;autore ha scritto una storia diversa dalle sue trame che ci sono pi\u00f9 famigliari, ma soprattutto perch\u00e9 \u00e8 riuscito a raccontare, dentro gli intrecci propri di chi \u00e8 maestro di storie, l&#039;impossibilit\u00e0 di farsi un giudizio netto. Impossibilit\u00e0 di chi legge, e di chi scrive; Ma anche dei personaggi che vivono la vicenda. Questi possono scegliere (e le loro scelte sono diverse) ma perch\u00e9 costretti a farlo, cos\u00ec come la vita costringe. Questa specie di cortocircuito, tra ragione e vita, \u00e8 il dubbio etico che Manzini esplora in tutto il suo spazio\" \/>\n<meta property=\"og:url\" content=\"https:\/\/www.libriparlanti.org\/index.php\/prodotto\/gli-ultimi-giorni-di-quiete\/\" \/>\n<meta property=\"og:site_name\" content=\"Libreria Libri parlanti\" \/>\n<meta property=\"article:publisher\" content=\"https:\/\/www.facebook.com\/LibriParlanti\" \/>\n<meta property=\"article:modified_time\" content=\"2020-10-25T07:10:42+00:00\" \/>\n<meta property=\"og:image\" content=\"https:\/\/www.libriparlanti.org\/wp-content\/uploads\/2020\/10\/12172-3-2.jpg\" \/>\n\t<meta property=\"og:image:width\" content=\"224\" \/>\n\t<meta property=\"og:image:height\" content=\"313\" \/>\n\t<meta property=\"og:image:type\" content=\"image\/jpeg\" \/>\n<meta name=\"twitter:card\" content=\"summary_large_image\" \/>\n<script type=\"application\/ld+json\" class=\"yoast-schema-graph\">{\"@context\":\"https:\\\/\\\/schema.org\",\"@graph\":[{\"@type\":\"WebPage\",\"@id\":\"https:\\\/\\\/www.libriparlanti.org\\\/index.php\\\/prodotto\\\/gli-ultimi-giorni-di-quiete\\\/\",\"url\":\"https:\\\/\\\/www.libriparlanti.org\\\/index.php\\\/prodotto\\\/gli-ultimi-giorni-di-quiete\\\/\",\"name\":\"GLI ULTIMI GIORNI DI QUIETE - Libreria Libri parlanti\",\"isPartOf\":{\"@id\":\"https:\\\/\\\/www.libriparlanti.org\\\/#website\"},\"primaryImageOfPage\":{\"@id\":\"https:\\\/\\\/www.libriparlanti.org\\\/index.php\\\/prodotto\\\/gli-ultimi-giorni-di-quiete\\\/#primaryimage\"},\"image\":{\"@id\":\"https:\\\/\\\/www.libriparlanti.org\\\/index.php\\\/prodotto\\\/gli-ultimi-giorni-di-quiete\\\/#primaryimage\"},\"thumbnailUrl\":\"https:\\\/\\\/www.libriparlanti.org\\\/wp-content\\\/uploads\\\/2020\\\/10\\\/12172-3-2.jpg\",\"datePublished\":\"2020-10-24T16:12:15+00:00\",\"dateModified\":\"2020-10-25T07:10:42+00:00\",\"description\":\"Una mattina qualunque, per caso, Nora riconosce un volto in treno. \u00c8 la persona che le ha distrutto la vita. Lei e il marito Pasquale sono i proprietari a Pescara di una avviata tabaccheria. E proprio in questa sei anni prima nel corso di una rapina un ladro ha ucciso il loro unico figlio Corrado. Nora non pu\u00f2 credere che il carnefice di un ragazzo innocente - del loro ragazzo innocente! - possa essere libero dopo cos\u00ec poco tempo. Non pu\u00f2 credere che la vita di suo figlio valga tanto poco. Ma \u00e8 cos\u00ec, tra la condanna per un omicidio preterintenzionale e i benefici carcerari. Da questo momento Nora e Pasquale non riescono a continuare a vivere senza ottenere una loro giustizia riparatrice. Il marito cerca la via pi\u00f9 breve e immediata. Nora, invece, dopo una difficile ricerca per stanare l'uomo, elabora un piano pi\u00f9 raffinato. Paolo Dainese, per\u00f2, l'omicida, si \u00e8 sforzato per rifarsi una vita e, annaspando, sta riuscendo a rimettersi a galla. Da anni Antonio Manzini aveva in mente questa storia, tratta da un fatto vero. E ha voluto scrivere non un romanzo a tesi, ma un romanzo psicologico su tre anime e su come esse reagiscono di fronte a un'alternativa morale priva di una risposta sicura. E leggendo queste pagine si resta disorientati, non solo perch\u00e9 l'autore ha scritto una storia diversa dalle sue trame che ci sono pi\u00f9 famigliari, ma soprattutto perch\u00e9 \u00e8 riuscito a raccontare, dentro gli intrecci propri di chi \u00e8 maestro di storie, l'impossibilit\u00e0 di farsi un giudizio netto. Impossibilit\u00e0 di chi legge, e di chi scrive; Ma anche dei personaggi che vivono la vicenda. Questi possono scegliere (e le loro scelte sono diverse) ma perch\u00e9 costretti a farlo, cos\u00ec come la vita costringe. Questa specie di cortocircuito, tra ragione e vita, \u00e8 il dubbio etico che Manzini esplora in tutto il suo spazio\",\"breadcrumb\":{\"@id\":\"https:\\\/\\\/www.libriparlanti.org\\\/index.php\\\/prodotto\\\/gli-ultimi-giorni-di-quiete\\\/#breadcrumb\"},\"inLanguage\":\"it-IT\",\"potentialAction\":[{\"@type\":\"ReadAction\",\"target\":[\"https:\\\/\\\/www.libriparlanti.org\\\/index.php\\\/prodotto\\\/gli-ultimi-giorni-di-quiete\\\/\"]}]},{\"@type\":\"ImageObject\",\"inLanguage\":\"it-IT\",\"@id\":\"https:\\\/\\\/www.libriparlanti.org\\\/index.php\\\/prodotto\\\/gli-ultimi-giorni-di-quiete\\\/#primaryimage\",\"url\":\"https:\\\/\\\/www.libriparlanti.org\\\/wp-content\\\/uploads\\\/2020\\\/10\\\/12172-3-2.jpg\",\"contentUrl\":\"https:\\\/\\\/www.libriparlanti.org\\\/wp-content\\\/uploads\\\/2020\\\/10\\\/12172-3-2.jpg\",\"width\":224,\"height\":313,\"caption\":\"GLI ULTIMI GIORNI DI QUIETE\"},{\"@type\":\"BreadcrumbList\",\"@id\":\"https:\\\/\\\/www.libriparlanti.org\\\/index.php\\\/prodotto\\\/gli-ultimi-giorni-di-quiete\\\/#breadcrumb\",\"itemListElement\":[{\"@type\":\"ListItem\",\"position\":1,\"name\":\"Home\",\"item\":\"https:\\\/\\\/www.libriparlanti.org\\\/\"},{\"@type\":\"ListItem\",\"position\":2,\"name\":\"Shop\",\"item\":\"https:\\\/\\\/www.libriparlanti.org\\\/index.php\\\/negozio\\\/\"},{\"@type\":\"ListItem\",\"position\":3,\"name\":\"GLI ULTIMI GIORNI DI QUIETE\"}]},{\"@type\":\"WebSite\",\"@id\":\"https:\\\/\\\/www.libriparlanti.org\\\/#website\",\"url\":\"https:\\\/\\\/www.libriparlanti.org\\\/\",\"name\":\"Libreria Libri parlanti\",\"description\":\"Libreria in Castiglione del Lago (Pg)\",\"potentialAction\":[{\"@type\":\"SearchAction\",\"target\":{\"@type\":\"EntryPoint\",\"urlTemplate\":\"https:\\\/\\\/www.libriparlanti.org\\\/?s={search_term_string}\"},\"query-input\":{\"@type\":\"PropertyValueSpecification\",\"valueRequired\":true,\"valueName\":\"search_term_string\"}}],\"inLanguage\":\"it-IT\"}]}<\/script>\n<!-- \/ Yoast SEO plugin. -->","yoast_head_json":{"title":"GLI ULTIMI GIORNI DI QUIETE - Libreria Libri parlanti","description":"Una mattina qualunque, per caso, Nora riconosce un volto in treno. \u00c8 la persona che le ha distrutto la vita. Lei e il marito Pasquale sono i proprietari a Pescara di una avviata tabaccheria. E proprio in questa sei anni prima nel corso di una rapina un ladro ha ucciso il loro unico figlio Corrado. Nora non pu\u00f2 credere che il carnefice di un ragazzo innocente - del loro ragazzo innocente! - possa essere libero dopo cos\u00ec poco tempo. Non pu\u00f2 credere che la vita di suo figlio valga tanto poco. Ma \u00e8 cos\u00ec, tra la condanna per un omicidio preterintenzionale e i benefici carcerari. Da questo momento Nora e Pasquale non riescono a continuare a vivere senza ottenere una loro giustizia riparatrice. Il marito cerca la via pi\u00f9 breve e immediata. Nora, invece, dopo una difficile ricerca per stanare l'uomo, elabora un piano pi\u00f9 raffinato. Paolo Dainese, per\u00f2, l'omicida, si \u00e8 sforzato per rifarsi una vita e, annaspando, sta riuscendo a rimettersi a galla. Da anni Antonio Manzini aveva in mente questa storia, tratta da un fatto vero. E ha voluto scrivere non un romanzo a tesi, ma un romanzo psicologico su tre anime e su come esse reagiscono di fronte a un'alternativa morale priva di una risposta sicura. E leggendo queste pagine si resta disorientati, non solo perch\u00e9 l'autore ha scritto una storia diversa dalle sue trame che ci sono pi\u00f9 famigliari, ma soprattutto perch\u00e9 \u00e8 riuscito a raccontare, dentro gli intrecci propri di chi \u00e8 maestro di storie, l'impossibilit\u00e0 di farsi un giudizio netto. Impossibilit\u00e0 di chi legge, e di chi scrive; Ma anche dei personaggi che vivono la vicenda. Questi possono scegliere (e le loro scelte sono diverse) ma perch\u00e9 costretti a farlo, cos\u00ec come la vita costringe. Questa specie di cortocircuito, tra ragione e vita, \u00e8 il dubbio etico che Manzini esplora in tutto il suo spazio","robots":{"index":"index","follow":"follow","max-snippet":"max-snippet:-1","max-image-preview":"max-image-preview:large","max-video-preview":"max-video-preview:-1"},"canonical":"https:\/\/www.libriparlanti.org\/index.php\/prodotto\/gli-ultimi-giorni-di-quiete\/","og_locale":"it_IT","og_type":"article","og_title":"GLI ULTIMI GIORNI DI QUIETE - Libreria Libri parlanti","og_description":"Una mattina qualunque, per caso, Nora riconosce un volto in treno. \u00c8 la persona che le ha distrutto la vita. Lei e il marito Pasquale sono i proprietari a Pescara di una avviata tabaccheria. E proprio in questa sei anni prima nel corso di una rapina un ladro ha ucciso il loro unico figlio Corrado. Nora non pu\u00f2 credere che il carnefice di un ragazzo innocente - del loro ragazzo innocente! - possa essere libero dopo cos\u00ec poco tempo. Non pu\u00f2 credere che la vita di suo figlio valga tanto poco. Ma \u00e8 cos\u00ec, tra la condanna per un omicidio preterintenzionale e i benefici carcerari. Da questo momento Nora e Pasquale non riescono a continuare a vivere senza ottenere una loro giustizia riparatrice. Il marito cerca la via pi\u00f9 breve e immediata. Nora, invece, dopo una difficile ricerca per stanare l'uomo, elabora un piano pi\u00f9 raffinato. Paolo Dainese, per\u00f2, l'omicida, si \u00e8 sforzato per rifarsi una vita e, annaspando, sta riuscendo a rimettersi a galla. Da anni Antonio Manzini aveva in mente questa storia, tratta da un fatto vero. E ha voluto scrivere non un romanzo a tesi, ma un romanzo psicologico su tre anime e su come esse reagiscono di fronte a un'alternativa morale priva di una risposta sicura. E leggendo queste pagine si resta disorientati, non solo perch\u00e9 l'autore ha scritto una storia diversa dalle sue trame che ci sono pi\u00f9 famigliari, ma soprattutto perch\u00e9 \u00e8 riuscito a raccontare, dentro gli intrecci propri di chi \u00e8 maestro di storie, l'impossibilit\u00e0 di farsi un giudizio netto. Impossibilit\u00e0 di chi legge, e di chi scrive; Ma anche dei personaggi che vivono la vicenda. Questi possono scegliere (e le loro scelte sono diverse) ma perch\u00e9 costretti a farlo, cos\u00ec come la vita costringe. Questa specie di cortocircuito, tra ragione e vita, \u00e8 il dubbio etico che Manzini esplora in tutto il suo spazio","og_url":"https:\/\/www.libriparlanti.org\/index.php\/prodotto\/gli-ultimi-giorni-di-quiete\/","og_site_name":"Libreria Libri parlanti","article_publisher":"https:\/\/www.facebook.com\/LibriParlanti","article_modified_time":"2020-10-25T07:10:42+00:00","og_image":[{"width":224,"height":313,"url":"https:\/\/www.libriparlanti.org\/wp-content\/uploads\/2020\/10\/12172-3-2.jpg","type":"image\/jpeg"}],"twitter_card":"summary_large_image","schema":{"@context":"https:\/\/schema.org","@graph":[{"@type":"WebPage","@id":"https:\/\/www.libriparlanti.org\/index.php\/prodotto\/gli-ultimi-giorni-di-quiete\/","url":"https:\/\/www.libriparlanti.org\/index.php\/prodotto\/gli-ultimi-giorni-di-quiete\/","name":"GLI ULTIMI GIORNI DI QUIETE - Libreria Libri parlanti","isPartOf":{"@id":"https:\/\/www.libriparlanti.org\/#website"},"primaryImageOfPage":{"@id":"https:\/\/www.libriparlanti.org\/index.php\/prodotto\/gli-ultimi-giorni-di-quiete\/#primaryimage"},"image":{"@id":"https:\/\/www.libriparlanti.org\/index.php\/prodotto\/gli-ultimi-giorni-di-quiete\/#primaryimage"},"thumbnailUrl":"https:\/\/www.libriparlanti.org\/wp-content\/uploads\/2020\/10\/12172-3-2.jpg","datePublished":"2020-10-24T16:12:15+00:00","dateModified":"2020-10-25T07:10:42+00:00","description":"Una mattina qualunque, per caso, Nora riconosce un volto in treno. \u00c8 la persona che le ha distrutto la vita. Lei e il marito Pasquale sono i proprietari a Pescara di una avviata tabaccheria. E proprio in questa sei anni prima nel corso di una rapina un ladro ha ucciso il loro unico figlio Corrado. Nora non pu\u00f2 credere che il carnefice di un ragazzo innocente - del loro ragazzo innocente! - possa essere libero dopo cos\u00ec poco tempo. Non pu\u00f2 credere che la vita di suo figlio valga tanto poco. Ma \u00e8 cos\u00ec, tra la condanna per un omicidio preterintenzionale e i benefici carcerari. Da questo momento Nora e Pasquale non riescono a continuare a vivere senza ottenere una loro giustizia riparatrice. Il marito cerca la via pi\u00f9 breve e immediata. Nora, invece, dopo una difficile ricerca per stanare l'uomo, elabora un piano pi\u00f9 raffinato. Paolo Dainese, per\u00f2, l'omicida, si \u00e8 sforzato per rifarsi una vita e, annaspando, sta riuscendo a rimettersi a galla. Da anni Antonio Manzini aveva in mente questa storia, tratta da un fatto vero. E ha voluto scrivere non un romanzo a tesi, ma un romanzo psicologico su tre anime e su come esse reagiscono di fronte a un'alternativa morale priva di una risposta sicura. E leggendo queste pagine si resta disorientati, non solo perch\u00e9 l'autore ha scritto una storia diversa dalle sue trame che ci sono pi\u00f9 famigliari, ma soprattutto perch\u00e9 \u00e8 riuscito a raccontare, dentro gli intrecci propri di chi \u00e8 maestro di storie, l'impossibilit\u00e0 di farsi un giudizio netto. Impossibilit\u00e0 di chi legge, e di chi scrive; Ma anche dei personaggi che vivono la vicenda. Questi possono scegliere (e le loro scelte sono diverse) ma perch\u00e9 costretti a farlo, cos\u00ec come la vita costringe. Questa specie di cortocircuito, tra ragione e vita, \u00e8 il dubbio etico che Manzini esplora in tutto il suo spazio","breadcrumb":{"@id":"https:\/\/www.libriparlanti.org\/index.php\/prodotto\/gli-ultimi-giorni-di-quiete\/#breadcrumb"},"inLanguage":"it-IT","potentialAction":[{"@type":"ReadAction","target":["https:\/\/www.libriparlanti.org\/index.php\/prodotto\/gli-ultimi-giorni-di-quiete\/"]}]},{"@type":"ImageObject","inLanguage":"it-IT","@id":"https:\/\/www.libriparlanti.org\/index.php\/prodotto\/gli-ultimi-giorni-di-quiete\/#primaryimage","url":"https:\/\/www.libriparlanti.org\/wp-content\/uploads\/2020\/10\/12172-3-2.jpg","contentUrl":"https:\/\/www.libriparlanti.org\/wp-content\/uploads\/2020\/10\/12172-3-2.jpg","width":224,"height":313,"caption":"GLI ULTIMI GIORNI DI QUIETE"},{"@type":"BreadcrumbList","@id":"https:\/\/www.libriparlanti.org\/index.php\/prodotto\/gli-ultimi-giorni-di-quiete\/#breadcrumb","itemListElement":[{"@type":"ListItem","position":1,"name":"Home","item":"https:\/\/www.libriparlanti.org\/"},{"@type":"ListItem","position":2,"name":"Shop","item":"https:\/\/www.libriparlanti.org\/index.php\/negozio\/"},{"@type":"ListItem","position":3,"name":"GLI ULTIMI GIORNI DI QUIETE"}]},{"@type":"WebSite","@id":"https:\/\/www.libriparlanti.org\/#website","url":"https:\/\/www.libriparlanti.org\/","name":"Libreria Libri parlanti","description":"Libreria in Castiglione del Lago (Pg)","potentialAction":[{"@type":"SearchAction","target":{"@type":"EntryPoint","urlTemplate":"https:\/\/www.libriparlanti.org\/?s={search_term_string}"},"query-input":{"@type":"PropertyValueSpecification","valueRequired":true,"valueName":"search_term_string"}}],"inLanguage":"it-IT"}]}},"_links":{"self":[{"href":"https:\/\/www.libriparlanti.org\/index.php\/wp-json\/wp\/v2\/product\/11337","targetHints":{"allow":["GET"]}}],"collection":[{"href":"https:\/\/www.libriparlanti.org\/index.php\/wp-json\/wp\/v2\/product"}],"about":[{"href":"https:\/\/www.libriparlanti.org\/index.php\/wp-json\/wp\/v2\/types\/product"}],"replies":[{"embeddable":true,"href":"https:\/\/www.libriparlanti.org\/index.php\/wp-json\/wp\/v2\/comments?post=11337"}],"wp:featuredmedia":[{"embeddable":true,"href":"https:\/\/www.libriparlanti.org\/index.php\/wp-json\/wp\/v2\/media\/11340"}],"wp:attachment":[{"href":"https:\/\/www.libriparlanti.org\/index.php\/wp-json\/wp\/v2\/media?parent=11337"}],"wp:term":[{"taxonomy":"product_brand","embeddable":true,"href":"https:\/\/www.libriparlanti.org\/index.php\/wp-json\/wp\/v2\/product_brand?post=11337"},{"taxonomy":"product_cat","embeddable":true,"href":"https:\/\/www.libriparlanti.org\/index.php\/wp-json\/wp\/v2\/product_cat?post=11337"},{"taxonomy":"product_tag","embeddable":true,"href":"https:\/\/www.libriparlanti.org\/index.php\/wp-json\/wp\/v2\/product_tag?post=11337"}],"curies":[{"name":"wp","href":"https:\/\/api.w.org\/{rel}","templated":true}]}}